{"version":"1.0","provider_name":"Reflejo de Michoac\u00e1n","provider_url":"https:\/\/reflejodemichoacan.com","author_name":"Aurora","author_url":"https:\/\/reflejodemichoacan.com\/index.php\/author\/rixwm7qvsq\/","title":"LA TRAGEDIA DE UVALDE TEXAS - Reflejo de Michoac\u00e1n","type":"rich","width":600,"height":338,"html":"<blockquote class=\"wp-embedded-content\"><a href=\"https:\/\/reflejodemichoacan.com\/index.php\/2022\/05\/25\/la-tragedia-de-uvalde-texas\/\">LA TRAGEDIA DE UVALDE TEXAS<\/a><\/blockquote>\n<script type='text\/javascript'>\n<!--\/\/--><![CDATA[\/\/><!--\n\t\t\/*! This file is auto-generated *\/\n\t\t!function(d,l){\"use strict\";var e=!1,n=!1;if(l.querySelector)if(d.addEventListener)e=!0;if(d.wp=d.wp||{},!d.wp.receiveEmbedMessage)if(d.wp.receiveEmbedMessage=function(e){var t=e.data;if(t)if(t.secret||t.message||t.value)if(!\/[^a-zA-Z0-9]\/.test(t.secret)){for(var r,i,a,s=l.querySelectorAll('iframe[data-secret=\"'+t.secret+'\"]'),n=l.querySelectorAll('blockquote[data-secret=\"'+t.secret+'\"]'),o=new RegExp(\"^https?:$\",\"i\"),c=0;c<n.length;c++)n[c].style.display=\"none\";for(c=0;c<s.length;c++)if(r=s[c],e.source===r.contentWindow){if(r.removeAttribute(\"style\"),\"height\"===t.message){if(1e3<(a=parseInt(t.value,10)))a=1e3;else if(~~a<200)a=200;r.height=a}if(\"link\"===t.message)if(i=l.createElement(\"a\"),a=l.createElement(\"a\"),i.href=r.getAttribute(\"src\"),a.href=t.value,o.test(a.protocol))if(a.host===i.host)if(l.activeElement===r)d.top.location.href=t.value}}},e)d.addEventListener(\"message\",d.wp.receiveEmbedMessage,!1),l.addEventListener(\"DOMContentLoaded\",t,!1),d.addEventListener(\"load\",t,!1);function t(){if(!n){n=!0;for(var e,t,r=-1!==navigator.appVersion.indexOf(\"MSIE 10\"),i=!!navigator.userAgent.match(\/Trident.*rv:11\\.\/),a=l.querySelectorAll(\"iframe.wp-embedded-content\"),s=0;s<a.length;s++){if(!(e=a[s]).getAttribute(\"data-secret\"))t=Math.random().toString(36).substr(2,10),e.src+=\"#?secret=\"+t,e.setAttribute(\"data-secret\",t);if(r||i)(t=e.cloneNode(!0)).removeAttribute(\"security\"),e.parentNode.replaceChild(t,e)}}}}(window,document);\n\/\/--><!]]>\n<\/script><iframe sandbox=\"allow-scripts\" security=\"restricted\" src=\"https:\/\/reflejodemichoacan.com\/index.php\/2022\/05\/25\/la-tragedia-de-uvalde-texas\/embed\/\" width=\"600\" height=\"338\" title=\"&#8220;LA TRAGEDIA DE UVALDE TEXAS&#8221; &#8212; Reflejo de Michoac\u00e1n\" frameborder=\"0\" marginwidth=\"0\" marginheight=\"0\" scrolling=\"no\" class=\"wp-embedded-content\"><\/iframe>","thumbnail_url":"https:\/\/reflejodemichoacan.com\/wp-content\/uploads\/2022\/05\/uvalde.jpg","thumbnail_width":1117,"thumbnail_height":658,"description":"\u00a0\u00a0\u00a0 \u201cEs m\u00e1s f\u00e1cil que un ni\u00f1o compre un rifle de asalto que una cerveza\u201d. Fidel Rodr\u00edguez Ramos Lamentable lo que acaba de ocurrir \u00e9ste martes 24 de mayo, antes del mediod\u00eda en una escuela primaria de Uvalde Texas, donde una persona de 18 a\u00f1os ingresa disparando con un rifle de asalto, adem\u00e1s de portar [&hellip;]"}